{"version":"1.0","provider_name":"L\u00f6ffler_Schmeling","provider_url":"https:\/\/klimagerechte-architektur.de\/en","author_name":"Tabea Zaiss","author_url":"https:\/\/klimagerechte-architektur.de\/en\/author\/tzaiss\/","title":"Andr\u00e9s C\u00f3rdoba Tejada\u00a0 - L\u00f6ffler_Schmeling","type":"rich","width":600,"height":338,"html":"<blockquote class=\"wp-embedded-content\" data-secret=\"uPIyKq5tMc\"><a href=\"https:\/\/klimagerechte-architektur.de\/en\/team\/andres-cordoba-tejada\/\">Andr\u00e9s C\u00f3rdoba Tejada\u00a0<\/a><\/blockquote><iframe sandbox=\"allow-scripts\" security=\"restricted\" src=\"https:\/\/klimagerechte-architektur.de\/en\/team\/andres-cordoba-tejada\/embed\/#?secret=uPIyKq5tMc\" width=\"600\" height=\"338\" title=\"&quot;Andr\u00e9s C\u00f3rdoba Tejada &quot; - L\u00f6ffler_Schmeling\" data-secret=\"uPIyKq5tMc\" frameborder=\"0\" marginwidth=\"0\" marginheight=\"0\" scrolling=\"no\" class=\"wp-embedded-content\"><\/iframe><script>\n\/*! This file is auto-generated *\/\n!function(d,l){\"use strict\";l.querySelector&&d.addEventListener&&\"undefined\"!=typeof URL&&(d.wp=d.wp||{},d.wp.receiveEmbedMessage||(d.wp.receiveEmbedMessage=function(e){var t=e.data;if((t||t.secret||t.message||t.value)&&!\/[^a-zA-Z0-9]\/.test(t.secret)){for(var s,r,n,a=l.querySelectorAll('iframe[data-secret=\"'+t.secret+'\"]'),o=l.querySelectorAll('blockquote[data-secret=\"'+t.secret+'\"]'),c=new RegExp(\"^https?:$\",\"i\"),i=0;i<o.length;i++)o[i].style.display=\"none\";for(i=0;i<a.length;i++)s=a[i],e.source===s.contentWindow&&(s.removeAttribute(\"style\"),\"height\"===t.message?(1e3<(r=parseInt(t.value,10))?r=1e3:~~r<200&&(r=200),s.height=r):\"link\"===t.message&&(r=new URL(s.getAttribute(\"src\")),n=new URL(t.value),c.test(n.protocol))&&n.host===r.host&&l.activeElement===s&&(d.top.location.href=t.value))}},d.addEventListener(\"message\",d.wp.receiveEmbedMessage,!1),l.addEventListener(\"DOMContentLoaded\",function(){for(var e,t,s=l.querySelectorAll(\"iframe.wp-embedded-content\"),r=0;r<s.length;r++)(t=(e=s[r]).getAttribute(\"data-secret\"))||(t=Math.random().toString(36).substring(2,12),e.src+=\"#?secret=\"+t,e.setAttribute(\"data-secret\",t)),e.contentWindow.postMessage({message:\"ready\",secret:t},\"*\")},!1)))}(window,document);\n\/\/# sourceURL=https:\/\/klimagerechte-architektur.de\/wp-includes\/js\/wp-embed.min.js\n<\/script>","description":"Vita:Geboren 1981 Seit 2022Lehrbeauftragter an der Fakult\u00e4t Architektur und Gestaltung, Fachbereich Baukonstruktion und Entwerfen, Studieng\u00e4nge Architektur und Klima Engineering, Professor Ralf Petersen, Hochschule f\u00fcr Technik Stuttgart Seit 2021Partner im B\u00fcro L\u00f6ffler_Schmeling Architekten PartGmbB, Karlsruhe 2017 \u2013 2020Mitarbeiter im Architekturb\u00fcro L\u00f6ffler_Schmeling Architekten PartGmbB, Karlsruhe 2016 \u2013 2017AiP im Architekturb\u00fcro L\u00f6ffler_Schmeling Architekten PartG, Karlsruhe 2015 \u2013 2016AiP [&hellip;]","thumbnail_url":"https:\/\/klimagerechte-architektur.de\/wp-content\/uploads\/2019\/07\/stampflehm-lehmbau-kirche-gemeindezentrum-karlsruhe-1.jpg","thumbnail_width":1920,"thumbnail_height":1440}