{"id":4459,"date":"2022-06-20T09:38:08","date_gmt":"2022-06-20T09:38:08","guid":{"rendered":"https:\/\/klimagerechte-architektur.de\/?post_type=projekte&#038;p=164"},"modified":"2025-02-20T11:17:03","modified_gmt":"2025-02-20T10:17:03","slug":"pisos-para-la-inclusion-individual-karlsruhe","status":"publish","type":"projekte","link":"https:\/\/klimagerechte-architektur.de\/es\/projekte\/wohnungen-fuer-individuelle-inklusion-karlsruhe\/","title":{"rendered":"Pisos para la inclusi\u00f3n individual, Karlsruhe"},"content":{"rendered":"<p>El proyecto de construcci\u00f3n en el distrito Rintheim de Karlsruhe comprende la transformaci\u00f3n de un desv\u00e1n en el edificio delantero y la construcci\u00f3n de una nueva casa con patio. El \u00e1tico del edificio delantero se convertir\u00e1 en un piso. Se aprovecha el potencial de espacio existente y se crea un nuevo espacio habitable con una baja huella de carbono.<\/p>\n\n\n\n<p>En el patio se est\u00e1 construyendo una edificaci\u00f3n de madera maciza KfW 55 con ocho viviendas, cada una de ellas con 32 metros cuadrados de espacio habitable, en una zona anteriormente ocupada por un viejo cobertizo para herramientas de jard\u00edn.<br>El tama\u00f1o de los pisos tiene en cuenta la creciente demanda de pisos peque\u00f1os, los llamados \"pisos individuales\".<br>El m\u00e9todo de construcci\u00f3n en madera permite lograr esta redensificaci\u00f3n de forma r\u00e1pida y eficaz con un alto nivel energ\u00e9tico en el patio trasero. El corto tiempo de construcci\u00f3n de la construcci\u00f3n en madera alivia a los vecinos, se puede producir con poca energ\u00eda gris y permite que los pisos se ocupen r\u00e1pidamente.<\/p>\n\n\n\n<p>Siempre que sea posible, se conservar\u00e1n las instalaciones exteriores existentes, para que los residentes puedan asomarse al verde entorno nada m\u00e1s mudarse al nuevo edificio.<br>La norma KfW 55 ahorra energ\u00eda; el resto de la energ\u00eda necesaria se genera a partir de fuentes renovables mediante energ\u00eda fotovoltaica y una bomba de calor. No se utilizan combustibles f\u00f3siles.<br>Los pisos est\u00e1n orientados al sur y, a pesar de su ubicaci\u00f3n en una parcela estrecha, tienen vistas a la vegetaci\u00f3n y mucha luz natural. La creaci\u00f3n de un espacio habitable ecol\u00f3gicamente sostenible representa la gran calidad de la soluci\u00f3n de esta tarea de construcci\u00f3n, que proporciona a los residentes un alto nivel de confort y calidad de vida sin utilizar nuevos terrenos.<\/p>","protected":false},"featured_media":2917,"menu_order":0,"template":"","format":"standard","meta":[],"projektart":[305,307],"class_list":["post-4459","projekte","type-projekte","status-publish","format-standard","has-post-thumbnail","hentry","projektart-bildungsbau","projektart-wohnungsbau"],"yoast_head":"<!-- This site is optimized with the Yoast SEO plugin v27.3 - https:\/\/yoast.com\/product\/yoast-seo-wordpress\/ -->\n<title>Wohnungen f\u00fcr individuelle Inklusion, Karlsruhe - L\u00f6ffler_Schmeling<\/title>\n<meta name=\"description\" content=\"Unsere realisierten Projekte im Bereich nachhaltiger und \u00f6kologischer Architektur: klimagerechte H\u00e4user, Passivhaus-Bauten und mehr im \u00dcberblick.\" \/>\n<meta name=\"robots\" content=\"index, follow, max-snippet:-1, max-image-preview:large, max-video-preview:-1\" \/>\n<link rel=\"canonical\" href=\"https:\/\/klimagerechte-architektur.de\/es\/proyectos\/pisos-para-la-inclusion-individual-karlsruhe\/\" \/>\n<meta property=\"og:locale\" content=\"es_ES\" \/>\n<meta property=\"og:type\" content=\"article\" \/>\n<meta property=\"og:title\" content=\"Wohnungen f\u00fcr individuelle Inklusion, Karlsruhe - L\u00f6ffler_Schmeling\" \/>\n<meta property=\"og:description\" content=\"Unsere realisierten Projekte im Bereich nachhaltiger und \u00f6kologischer Architektur: klimagerechte H\u00e4user, Passivhaus-Bauten und mehr im \u00dcberblick.\" \/>\n<meta property=\"og:url\" content=\"https:\/\/klimagerechte-architektur.de\/es\/proyectos\/pisos-para-la-inclusion-individual-karlsruhe\/\" \/>\n<meta property=\"og:site_name\" content=\"L\u00f6ffler_Schmeling\" \/>\n<meta property=\"article:modified_time\" content=\"2025-02-20T10:17:03+00:00\" \/>\n<meta property=\"og:image\" content=\"https:\/\/klimagerechte-architektur.de\/wp-content\/uploads\/2023\/07\/IMG_6683-scaled.jpg\" \/>\n\t<meta property=\"og:image:width\" content=\"2560\" \/>\n\t<meta property=\"og:image:height\" content=\"1707\" \/>\n\t<meta property=\"og:image:type\" content=\"image\/jpeg\" \/>\n<meta name=\"twitter:card\" content=\"summary_large_image\" \/>\n<meta name=\"twitter:label1\" content=\"Tiempo de lectura\" \/>\n\t<meta name=\"twitter:data1\" content=\"2 minutos\" \/>\n<script type=\"application\/ld+json\" class=\"yoast-schema-graph\">{\"@context\":\"https:\\\/\\\/schema.org\",\"@graph\":[{\"@type\":[\"WebPage\",\"CollectionPage\"],\"@id\":\"https:\\\/\\\/klimagerechte-architektur.de\\\/projekte\\\/wohnungen-fuer-individuelle-inklusion-karlsruhe\\\/\",\"url\":\"https:\\\/\\\/klimagerechte-architektur.de\\\/projekte\\\/wohnungen-fuer-individuelle-inklusion-karlsruhe\\\/\",\"name\":\"Wohnungen f\u00fcr individuelle Inklusion, Karlsruhe - L\u00f6ffler_Schmeling\",\"isPartOf\":{\"@id\":\"https:\\\/\\\/klimagerechte-architektur.de\\\/#website\"},\"primaryImageOfPage\":{\"@id\":\"https:\\\/\\\/klimagerechte-architektur.de\\\/projekte\\\/wohnungen-fuer-individuelle-inklusion-karlsruhe\\\/#primaryimage\"},\"image\":{\"@id\":\"https:\\\/\\\/klimagerechte-architektur.de\\\/projekte\\\/wohnungen-fuer-individuelle-inklusion-karlsruhe\\\/#primaryimage\"},\"thumbnailUrl\":\"https:\\\/\\\/klimagerechte-architektur.de\\\/wp-content\\\/uploads\\\/2023\\\/07\\\/IMG_6683-scaled.jpg\",\"datePublished\":\"2022-06-20T09:38:08+00:00\",\"dateModified\":\"2025-02-20T10:17:03+00:00\",\"description\":\"Unsere realisierten Projekte im Bereich nachhaltiger und \u00f6kologischer Architektur: klimagerechte H\u00e4user, Passivhaus-Bauten und mehr im \u00dcberblick.\",\"breadcrumb\":{\"@id\":\"https:\\\/\\\/klimagerechte-architektur.de\\\/projekte\\\/wohnungen-fuer-individuelle-inklusion-karlsruhe\\\/#breadcrumb\"},\"inLanguage\":\"es\"},{\"@type\":\"ImageObject\",\"inLanguage\":\"es\",\"@id\":\"https:\\\/\\\/klimagerechte-architektur.de\\\/projekte\\\/wohnungen-fuer-individuelle-inklusion-karlsruhe\\\/#primaryimage\",\"url\":\"https:\\\/\\\/klimagerechte-architektur.de\\\/wp-content\\\/uploads\\\/2023\\\/07\\\/IMG_6683-scaled.jpg\",\"contentUrl\":\"https:\\\/\\\/klimagerechte-architektur.de\\\/wp-content\\\/uploads\\\/2023\\\/07\\\/IMG_6683-scaled.jpg\",\"width\":2560,\"height\":1707},{\"@type\":\"BreadcrumbList\",\"@id\":\"https:\\\/\\\/klimagerechte-architektur.de\\\/projekte\\\/wohnungen-fuer-individuelle-inklusion-karlsruhe\\\/#breadcrumb\",\"itemListElement\":[{\"@type\":\"ListItem\",\"position\":1,\"name\":\"Startseite\",\"item\":\"https:\\\/\\\/klimagerechte-architektur.de\\\/\"},{\"@type\":\"ListItem\",\"position\":2,\"name\":\"Projekte\",\"item\":\"https:\\\/\\\/klimagerechte-architektur.de\\\/projekte\\\/\"},{\"@type\":\"ListItem\",\"position\":3,\"name\":\"Wohnungen f\u00fcr individuelle Inklusion, Karlsruhe\"}]},{\"@type\":\"WebSite\",\"@id\":\"https:\\\/\\\/klimagerechte-architektur.de\\\/#website\",\"url\":\"https:\\\/\\\/klimagerechte-architektur.de\\\/\",\"name\":\"Klimagerechte Architektur\",\"description\":\"KLIMAGERECHTIGKEIT \u2013 DIE BR\u00dcCKE ZWISCHEN SOZIALER UND \u00d6KOLOGISCHER ARCHITEKTUR\",\"publisher\":{\"@id\":\"https:\\\/\\\/klimagerechte-architektur.de\\\/#organization\"},\"potentialAction\":[{\"@type\":\"SearchAction\",\"target\":{\"@type\":\"EntryPoint\",\"urlTemplate\":\"https:\\\/\\\/klimagerechte-architektur.de\\\/?s={search_term_string}\"},\"query-input\":{\"@type\":\"PropertyValueSpecification\",\"valueRequired\":true,\"valueName\":\"search_term_string\"}}],\"inLanguage\":\"es\"},{\"@type\":\"Organization\",\"@id\":\"https:\\\/\\\/klimagerechte-architektur.de\\\/#organization\",\"name\":\"L\u00f6ffler_Schmeling Architekten\",\"url\":\"https:\\\/\\\/klimagerechte-architektur.de\\\/\",\"logo\":{\"@type\":\"ImageObject\",\"inLanguage\":\"es\",\"@id\":\"https:\\\/\\\/klimagerechte-architektur.de\\\/#\\\/schema\\\/logo\\\/image\\\/\",\"url\":\"https:\\\/\\\/klimagerechte-architektur.de\\\/wp-content\\\/uploads\\\/2023\\\/01\\\/LS_LogoCoolveticaueberarbeitet_Anne-1.png\",\"contentUrl\":\"https:\\\/\\\/klimagerechte-architektur.de\\\/wp-content\\\/uploads\\\/2023\\\/01\\\/LS_LogoCoolveticaueberarbeitet_Anne-1.png\",\"width\":1741,\"height\":402,\"caption\":\"L\u00f6ffler_Schmeling Architekten\"},\"image\":{\"@id\":\"https:\\\/\\\/klimagerechte-architektur.de\\\/#\\\/schema\\\/logo\\\/image\\\/\"}}]}<\/script>\n<!-- \/ Yoast SEO plugin. -->","yoast_head_json":{"title":"Pisos para la inclusi\u00f3n individual, Karlsruhe - L\u00f6ffler_Schmeling","description":"Una visi\u00f3n general de nuestros proyectos realizados en el campo de la arquitectura sostenible y ecol\u00f3gica: casas respetuosas con el clima, edificios de casas pasivas y mucho m\u00e1s.","robots":{"index":"index","follow":"follow","max-snippet":"max-snippet:-1","max-image-preview":"max-image-preview:large","max-video-preview":"max-video-preview:-1"},"canonical":"https:\/\/klimagerechte-architektur.de\/es\/proyectos\/pisos-para-la-inclusion-individual-karlsruhe\/","og_locale":"es_ES","og_type":"article","og_title":"Wohnungen f\u00fcr individuelle Inklusion, Karlsruhe - L\u00f6ffler_Schmeling","og_description":"Unsere realisierten Projekte im Bereich nachhaltiger und \u00f6kologischer Architektur: klimagerechte H\u00e4user, Passivhaus-Bauten und mehr im \u00dcberblick.","og_url":"https:\/\/klimagerechte-architektur.de\/es\/proyectos\/pisos-para-la-inclusion-individual-karlsruhe\/","og_site_name":"L\u00f6ffler_Schmeling","article_modified_time":"2025-02-20T10:17:03+00:00","og_image":[{"width":2560,"height":1707,"url":"https:\/\/klimagerechte-architektur.de\/wp-content\/uploads\/2023\/07\/IMG_6683-scaled.jpg","type":"image\/jpeg"}],"twitter_card":"summary_large_image","twitter_misc":{"Tiempo de lectura":"2 minutos"},"schema":{"@context":"https:\/\/schema.org","@graph":[{"@type":["WebPage","CollectionPage"],"@id":"https:\/\/klimagerechte-architektur.de\/projekte\/wohnungen-fuer-individuelle-inklusion-karlsruhe\/","url":"https:\/\/klimagerechte-architektur.de\/projekte\/wohnungen-fuer-individuelle-inklusion-karlsruhe\/","name":"Pisos para la inclusi\u00f3n individual, Karlsruhe - L\u00f6ffler_Schmeling","isPartOf":{"@id":"https:\/\/klimagerechte-architektur.de\/#website"},"primaryImageOfPage":{"@id":"https:\/\/klimagerechte-architektur.de\/projekte\/wohnungen-fuer-individuelle-inklusion-karlsruhe\/#primaryimage"},"image":{"@id":"https:\/\/klimagerechte-architektur.de\/projekte\/wohnungen-fuer-individuelle-inklusion-karlsruhe\/#primaryimage"},"thumbnailUrl":"https:\/\/klimagerechte-architektur.de\/wp-content\/uploads\/2023\/07\/IMG_6683-scaled.jpg","datePublished":"2022-06-20T09:38:08+00:00","dateModified":"2025-02-20T10:17:03+00:00","description":"Una visi\u00f3n general de nuestros proyectos realizados en el campo de la arquitectura sostenible y ecol\u00f3gica: casas respetuosas con el clima, edificios de casas pasivas y mucho m\u00e1s.","breadcrumb":{"@id":"https:\/\/klimagerechte-architektur.de\/projekte\/wohnungen-fuer-individuelle-inklusion-karlsruhe\/#breadcrumb"},"inLanguage":"es"},{"@type":"ImageObject","inLanguage":"es","@id":"https:\/\/klimagerechte-architektur.de\/projekte\/wohnungen-fuer-individuelle-inklusion-karlsruhe\/#primaryimage","url":"https:\/\/klimagerechte-architektur.de\/wp-content\/uploads\/2023\/07\/IMG_6683-scaled.jpg","contentUrl":"https:\/\/klimagerechte-architektur.de\/wp-content\/uploads\/2023\/07\/IMG_6683-scaled.jpg","width":2560,"height":1707},{"@type":"BreadcrumbList","@id":"https:\/\/klimagerechte-architektur.de\/projekte\/wohnungen-fuer-individuelle-inklusion-karlsruhe\/#breadcrumb","itemListElement":[{"@type":"ListItem","position":1,"name":"Startseite","item":"https:\/\/klimagerechte-architektur.de\/"},{"@type":"ListItem","position":2,"name":"Projekte","item":"https:\/\/klimagerechte-architektur.de\/projekte\/"},{"@type":"ListItem","position":3,"name":"Wohnungen f\u00fcr individuelle Inklusion, Karlsruhe"}]},{"@type":"WebSite","@id":"https:\/\/klimagerechte-architektur.de\/#website","url":"https:\/\/klimagerechte-architektur.de\/","name":"Arquitectura respetuosa con el clima","description":"JUSTICIA CLIM\u00c1TICA: EL PUENTE ENTRE LA ARQUITECTURA SOCIAL Y LA ECOL\u00d3GICA","publisher":{"@id":"https:\/\/klimagerechte-architektur.de\/#organization"},"potentialAction":[{"@type":"SearchAction","target":{"@type":"EntryPoint","urlTemplate":"https:\/\/klimagerechte-architektur.de\/?s={search_term_string}"},"query-input":{"@type":"PropertyValueSpecification","valueRequired":true,"valueName":"search_term_string"}}],"inLanguage":"es"},{"@type":"Organization","@id":"https:\/\/klimagerechte-architektur.de\/#organization","name":"L\u00f6ffler_Schmeling Arquitectos","url":"https:\/\/klimagerechte-architektur.de\/","logo":{"@type":"ImageObject","inLanguage":"es","@id":"https:\/\/klimagerechte-architektur.de\/#\/schema\/logo\/image\/","url":"https:\/\/klimagerechte-architektur.de\/wp-content\/uploads\/2023\/01\/LS_LogoCoolveticaueberarbeitet_Anne-1.png","contentUrl":"https:\/\/klimagerechte-architektur.de\/wp-content\/uploads\/2023\/01\/LS_LogoCoolveticaueberarbeitet_Anne-1.png","width":1741,"height":402,"caption":"L\u00f6ffler_Schmeling Architekten"},"image":{"@id":"https:\/\/klimagerechte-architektur.de\/#\/schema\/logo\/image\/"}}]}},"_links":{"self":[{"href":"https:\/\/klimagerechte-architektur.de\/es\/wp-json\/wp\/v2\/projekte\/4459","targetHints":{"allow":["GET"]}}],"collection":[{"href":"https:\/\/klimagerechte-architektur.de\/es\/wp-json\/wp\/v2\/projekte"}],"about":[{"href":"https:\/\/klimagerechte-architektur.de\/es\/wp-json\/wp\/v2\/types\/projekte"}],"version-history":[{"count":1,"href":"https:\/\/klimagerechte-architektur.de\/es\/wp-json\/wp\/v2\/projekte\/4459\/revisions"}],"predecessor-version":[{"id":4607,"href":"https:\/\/klimagerechte-architektur.de\/es\/wp-json\/wp\/v2\/projekte\/4459\/revisions\/4607"}],"wp:featuredmedia":[{"embeddable":true,"href":"https:\/\/klimagerechte-architektur.de\/es\/wp-json\/wp\/v2\/media\/2917"}],"wp:attachment":[{"href":"https:\/\/klimagerechte-architektur.de\/es\/wp-json\/wp\/v2\/media?parent=4459"}],"wp:term":[{"taxonomy":"projektart","embeddable":true,"href":"https:\/\/klimagerechte-architektur.de\/es\/wp-json\/wp\/v2\/projektart?post=4459"}],"curies":[{"name":"wp","href":"https:\/\/api.w.org\/{rel}","templated":true}]}}