{"id":4463,"date":"2019-07-22T10:36:00","date_gmt":"2019-07-22T10:36:00","guid":{"rendered":"https:\/\/klimagerechte-architektur.de\/index.php\/projekte\/sozialer-wohnungsbau-ruschgraben-12-karlsruhe\/"},"modified":"2019-07-22T10:36:00","modified_gmt":"2019-07-22T10:36:00","slug":"viviendas-sociales-ruschgraben-12-karlsruhe","status":"publish","type":"projekte","link":"https:\/\/klimagerechte-architektur.de\/es\/projekte\/sozialer-wohnungsbau-ruschgraben-12-karlsruhe\/","title":{"rendered":"Viviendas sociales, Ruschgraben 12, Karlsruhe"},"content":{"rendered":"<p>En una parcela esquinera situada en un lugar c\u00e9ntrico de Karlsruhe-Hagsfeld, se construy\u00f3 un edificio de viviendas sociales en madera con 11 unidades residenciales. El proyecto se planific\u00f3 y realiz\u00f3 con un alto nivel de sostenibilidad, mayor aislamiento ac\u00fastico, buena eficiencia energ\u00e9tica y calidad del aire interior. Tras la demolici\u00f3n de una tienda de bebidas vac\u00eda, se acondicion\u00f3 el s\u00f3tano del edificio existente para la nueva construcci\u00f3n. La planta baja y el primer piso albergan cada uno cuatro unidades residenciales (de las cuales las de la planta baja no tienen barreras), mientras que en el primer piso se crearon tres unidades residenciales.<\/p>\n<p>El edificio est\u00e1 estructurado por una alternancia de cubiertas inclinadas y planas; la densidad de la urbanizaci\u00f3n se rompe as\u00ed en la planta superior. Los tejados planos dan acceso a los pisos de la 2\u00aa planta y cada uno dispone de un espacio abierto privado. Al norte, se accede al edificio de viviendas a trav\u00e9s de dos arcadas. De este modo, se aprovecha toda la superficie del edificio para espacios habitables y abiertos. En la fachada sur, el edificio se retranquea entre dos viviendas. As\u00ed se cre\u00f3 espacio para dos balcones que, con su fachada de madera, parecen estanter\u00edas insertadas en el edificio. Toda la estructura portante es de madera contralaminada.<\/p>\n<p><strong>Ubicaci\u00f3n<\/strong> \u00a0 Karlsruhe, Ruschgraben 12<br \/>\n<strong>Propietario del edificio<\/strong> \u00a0 Iglesia protestante de Karlsruhe<br \/>\n<strong>Finalizaci\u00f3n\u00a0\u00a0 <\/strong>2018<br \/>\n<strong>M\u00e9todo de construcci\u00f3n<\/strong> \u00a0 Construcci\u00f3n de madera, madera laminada cruzada<br \/>\n<strong>Normativa energ\u00e9tica<\/strong> \u00a0 KfW Casa de la Eficiencia 55<br \/>\n<strong>Varios<\/strong> \u00a0 Financiaci\u00f3n de la vivienda social<\/p>","protected":false},"featured_media":1008,"menu_order":0,"template":"","format":"standard","meta":[],"projektart":[307],"class_list":["post-4463","projekte","type-projekte","status-publish","format-standard","has-post-thumbnail","hentry","projektart-wohnungsbau"],"yoast_head":"<!-- This site is optimized with the Yoast SEO plugin v27.3 - https:\/\/yoast.com\/product\/yoast-seo-wordpress\/ -->\n<title>Sozialer Wohnungsbau, Ruschgraben 12, Karlsruhe - L\u00f6ffler_Schmeling<\/title>\n<meta name=\"description\" content=\"Unsere realisierten Projekte im Bereich nachhaltiger und \u00f6kologischer Architektur: klimagerechte H\u00e4user, Passivhaus-Bauten und mehr im \u00dcberblick.\" \/>\n<meta name=\"robots\" content=\"index, follow, max-snippet:-1, max-image-preview:large, max-video-preview:-1\" \/>\n<link rel=\"canonical\" href=\"https:\/\/klimagerechte-architektur.de\/es\/proyectos\/viviendas-sociales-ruschgraben-12-karlsruhe\/\" \/>\n<meta property=\"og:locale\" content=\"es_ES\" \/>\n<meta property=\"og:type\" content=\"article\" \/>\n<meta property=\"og:title\" content=\"Sozialer Wohnungsbau, Ruschgraben 12, Karlsruhe - L\u00f6ffler_Schmeling\" \/>\n<meta property=\"og:description\" content=\"Unsere realisierten Projekte im Bereich nachhaltiger und \u00f6kologischer Architektur: klimagerechte H\u00e4user, Passivhaus-Bauten und mehr im \u00dcberblick.\" \/>\n<meta property=\"og:url\" content=\"https:\/\/klimagerechte-architektur.de\/es\/proyectos\/viviendas-sociales-ruschgraben-12-karlsruhe\/\" \/>\n<meta property=\"og:site_name\" content=\"L\u00f6ffler_Schmeling\" \/>\n<meta property=\"og:image\" content=\"https:\/\/klimagerechte-architektur.de\/wp-content\/uploads\/2023\/01\/sozialer-wohnungsbau-holzbau-nachhaltig-raumluftqualitaet.jpg\" \/>\n\t<meta property=\"og:image:width\" content=\"1920\" \/>\n\t<meta property=\"og:image:height\" content=\"1280\" \/>\n\t<meta property=\"og:image:type\" content=\"image\/jpeg\" \/>\n<meta name=\"twitter:card\" content=\"summary_large_image\" \/>\n<meta name=\"twitter:label1\" content=\"Tiempo de lectura\" \/>\n\t<meta name=\"twitter:data1\" content=\"2 minutos\" \/>\n<script type=\"application\/ld+json\" class=\"yoast-schema-graph\">{\"@context\":\"https:\\\/\\\/schema.org\",\"@graph\":[{\"@type\":[\"WebPage\",\"ItemPage\"],\"@id\":\"https:\\\/\\\/klimagerechte-architektur.de\\\/projekte\\\/sozialer-wohnungsbau-ruschgraben-12-karlsruhe\\\/\",\"url\":\"https:\\\/\\\/klimagerechte-architektur.de\\\/projekte\\\/sozialer-wohnungsbau-ruschgraben-12-karlsruhe\\\/\",\"name\":\"Sozialer Wohnungsbau, Ruschgraben 12, Karlsruhe - L\u00f6ffler_Schmeling\",\"isPartOf\":{\"@id\":\"https:\\\/\\\/klimagerechte-architektur.de\\\/#website\"},\"primaryImageOfPage\":{\"@id\":\"https:\\\/\\\/klimagerechte-architektur.de\\\/projekte\\\/sozialer-wohnungsbau-ruschgraben-12-karlsruhe\\\/#primaryimage\"},\"image\":{\"@id\":\"https:\\\/\\\/klimagerechte-architektur.de\\\/projekte\\\/sozialer-wohnungsbau-ruschgraben-12-karlsruhe\\\/#primaryimage\"},\"thumbnailUrl\":\"https:\\\/\\\/klimagerechte-architektur.de\\\/wp-content\\\/uploads\\\/2023\\\/01\\\/sozialer-wohnungsbau-holzbau-nachhaltig-raumluftqualitaet.jpg\",\"datePublished\":\"2019-07-22T10:36:00+00:00\",\"description\":\"Unsere realisierten Projekte im Bereich nachhaltiger und \u00f6kologischer Architektur: klimagerechte H\u00e4user, Passivhaus-Bauten und mehr im \u00dcberblick.\",\"breadcrumb\":{\"@id\":\"https:\\\/\\\/klimagerechte-architektur.de\\\/projekte\\\/sozialer-wohnungsbau-ruschgraben-12-karlsruhe\\\/#breadcrumb\"},\"inLanguage\":\"es\",\"potentialAction\":[{\"@type\":\"ReadAction\",\"target\":[\"https:\\\/\\\/klimagerechte-architektur.de\\\/projekte\\\/sozialer-wohnungsbau-ruschgraben-12-karlsruhe\\\/\"]}]},{\"@type\":\"ImageObject\",\"inLanguage\":\"es\",\"@id\":\"https:\\\/\\\/klimagerechte-architektur.de\\\/projekte\\\/sozialer-wohnungsbau-ruschgraben-12-karlsruhe\\\/#primaryimage\",\"url\":\"https:\\\/\\\/klimagerechte-architektur.de\\\/wp-content\\\/uploads\\\/2023\\\/01\\\/sozialer-wohnungsbau-holzbau-nachhaltig-raumluftqualitaet.jpg\",\"contentUrl\":\"https:\\\/\\\/klimagerechte-architektur.de\\\/wp-content\\\/uploads\\\/2023\\\/01\\\/sozialer-wohnungsbau-holzbau-nachhaltig-raumluftqualitaet.jpg\",\"width\":1920,\"height\":1280},{\"@type\":\"BreadcrumbList\",\"@id\":\"https:\\\/\\\/klimagerechte-architektur.de\\\/projekte\\\/sozialer-wohnungsbau-ruschgraben-12-karlsruhe\\\/#breadcrumb\",\"itemListElement\":[{\"@type\":\"ListItem\",\"position\":1,\"name\":\"Startseite\",\"item\":\"https:\\\/\\\/klimagerechte-architektur.de\\\/\"},{\"@type\":\"ListItem\",\"position\":2,\"name\":\"Projekte\",\"item\":\"https:\\\/\\\/klimagerechte-architektur.de\\\/projekte\\\/\"},{\"@type\":\"ListItem\",\"position\":3,\"name\":\"Sozialer Wohnungsbau, Ruschgraben 12, Karlsruhe\"}]},{\"@type\":\"WebSite\",\"@id\":\"https:\\\/\\\/klimagerechte-architektur.de\\\/#website\",\"url\":\"https:\\\/\\\/klimagerechte-architektur.de\\\/\",\"name\":\"Klimagerechte Architektur\",\"description\":\"KLIMAGERECHTIGKEIT \u2013 DIE BR\u00dcCKE ZWISCHEN SOZIALER UND \u00d6KOLOGISCHER ARCHITEKTUR\",\"publisher\":{\"@id\":\"https:\\\/\\\/klimagerechte-architektur.de\\\/#organization\"},\"potentialAction\":[{\"@type\":\"SearchAction\",\"target\":{\"@type\":\"EntryPoint\",\"urlTemplate\":\"https:\\\/\\\/klimagerechte-architektur.de\\\/?s={search_term_string}\"},\"query-input\":{\"@type\":\"PropertyValueSpecification\",\"valueRequired\":true,\"valueName\":\"search_term_string\"}}],\"inLanguage\":\"es\"},{\"@type\":\"Organization\",\"@id\":\"https:\\\/\\\/klimagerechte-architektur.de\\\/#organization\",\"name\":\"L\u00f6ffler_Schmeling Architekten\",\"url\":\"https:\\\/\\\/klimagerechte-architektur.de\\\/\",\"logo\":{\"@type\":\"ImageObject\",\"inLanguage\":\"es\",\"@id\":\"https:\\\/\\\/klimagerechte-architektur.de\\\/#\\\/schema\\\/logo\\\/image\\\/\",\"url\":\"https:\\\/\\\/klimagerechte-architektur.de\\\/wp-content\\\/uploads\\\/2023\\\/01\\\/LS_LogoCoolveticaueberarbeitet_Anne-1.png\",\"contentUrl\":\"https:\\\/\\\/klimagerechte-architektur.de\\\/wp-content\\\/uploads\\\/2023\\\/01\\\/LS_LogoCoolveticaueberarbeitet_Anne-1.png\",\"width\":1741,\"height\":402,\"caption\":\"L\u00f6ffler_Schmeling Architekten\"},\"image\":{\"@id\":\"https:\\\/\\\/klimagerechte-architektur.de\\\/#\\\/schema\\\/logo\\\/image\\\/\"}}]}<\/script>\n<!-- \/ Yoast SEO plugin. -->","yoast_head_json":{"title":"Viviendas sociales, Ruschgraben 12, Karlsruhe - L\u00f6ffler_Schmeling","description":"Una visi\u00f3n general de nuestros proyectos realizados en el campo de la arquitectura sostenible y ecol\u00f3gica: casas respetuosas con el clima, edificios de casas pasivas y mucho m\u00e1s.","robots":{"index":"index","follow":"follow","max-snippet":"max-snippet:-1","max-image-preview":"max-image-preview:large","max-video-preview":"max-video-preview:-1"},"canonical":"https:\/\/klimagerechte-architektur.de\/es\/proyectos\/viviendas-sociales-ruschgraben-12-karlsruhe\/","og_locale":"es_ES","og_type":"article","og_title":"Sozialer Wohnungsbau, Ruschgraben 12, Karlsruhe - L\u00f6ffler_Schmeling","og_description":"Unsere realisierten Projekte im Bereich nachhaltiger und \u00f6kologischer Architektur: klimagerechte H\u00e4user, Passivhaus-Bauten und mehr im \u00dcberblick.","og_url":"https:\/\/klimagerechte-architektur.de\/es\/proyectos\/viviendas-sociales-ruschgraben-12-karlsruhe\/","og_site_name":"L\u00f6ffler_Schmeling","og_image":[{"width":1920,"height":1280,"url":"https:\/\/klimagerechte-architektur.de\/wp-content\/uploads\/2023\/01\/sozialer-wohnungsbau-holzbau-nachhaltig-raumluftqualitaet.jpg","type":"image\/jpeg"}],"twitter_card":"summary_large_image","twitter_misc":{"Tiempo de lectura":"2 minutos"},"schema":{"@context":"https:\/\/schema.org","@graph":[{"@type":["WebPage","ItemPage"],"@id":"https:\/\/klimagerechte-architektur.de\/projekte\/sozialer-wohnungsbau-ruschgraben-12-karlsruhe\/","url":"https:\/\/klimagerechte-architektur.de\/projekte\/sozialer-wohnungsbau-ruschgraben-12-karlsruhe\/","name":"Viviendas sociales, Ruschgraben 12, Karlsruhe - L\u00f6ffler_Schmeling","isPartOf":{"@id":"https:\/\/klimagerechte-architektur.de\/#website"},"primaryImageOfPage":{"@id":"https:\/\/klimagerechte-architektur.de\/projekte\/sozialer-wohnungsbau-ruschgraben-12-karlsruhe\/#primaryimage"},"image":{"@id":"https:\/\/klimagerechte-architektur.de\/projekte\/sozialer-wohnungsbau-ruschgraben-12-karlsruhe\/#primaryimage"},"thumbnailUrl":"https:\/\/klimagerechte-architektur.de\/wp-content\/uploads\/2023\/01\/sozialer-wohnungsbau-holzbau-nachhaltig-raumluftqualitaet.jpg","datePublished":"2019-07-22T10:36:00+00:00","description":"Una visi\u00f3n general de nuestros proyectos realizados en el campo de la arquitectura sostenible y ecol\u00f3gica: casas respetuosas con el clima, edificios de casas pasivas y mucho m\u00e1s.","breadcrumb":{"@id":"https:\/\/klimagerechte-architektur.de\/projekte\/sozialer-wohnungsbau-ruschgraben-12-karlsruhe\/#breadcrumb"},"inLanguage":"es","potentialAction":[{"@type":"ReadAction","target":["https:\/\/klimagerechte-architektur.de\/projekte\/sozialer-wohnungsbau-ruschgraben-12-karlsruhe\/"]}]},{"@type":"ImageObject","inLanguage":"es","@id":"https:\/\/klimagerechte-architektur.de\/projekte\/sozialer-wohnungsbau-ruschgraben-12-karlsruhe\/#primaryimage","url":"https:\/\/klimagerechte-architektur.de\/wp-content\/uploads\/2023\/01\/sozialer-wohnungsbau-holzbau-nachhaltig-raumluftqualitaet.jpg","contentUrl":"https:\/\/klimagerechte-architektur.de\/wp-content\/uploads\/2023\/01\/sozialer-wohnungsbau-holzbau-nachhaltig-raumluftqualitaet.jpg","width":1920,"height":1280},{"@type":"BreadcrumbList","@id":"https:\/\/klimagerechte-architektur.de\/projekte\/sozialer-wohnungsbau-ruschgraben-12-karlsruhe\/#breadcrumb","itemListElement":[{"@type":"ListItem","position":1,"name":"Startseite","item":"https:\/\/klimagerechte-architektur.de\/"},{"@type":"ListItem","position":2,"name":"Projekte","item":"https:\/\/klimagerechte-architektur.de\/projekte\/"},{"@type":"ListItem","position":3,"name":"Sozialer Wohnungsbau, Ruschgraben 12, Karlsruhe"}]},{"@type":"WebSite","@id":"https:\/\/klimagerechte-architektur.de\/#website","url":"https:\/\/klimagerechte-architektur.de\/","name":"Arquitectura respetuosa con el clima","description":"JUSTICIA CLIM\u00c1TICA: EL PUENTE ENTRE LA ARQUITECTURA SOCIAL Y LA ECOL\u00d3GICA","publisher":{"@id":"https:\/\/klimagerechte-architektur.de\/#organization"},"potentialAction":[{"@type":"SearchAction","target":{"@type":"EntryPoint","urlTemplate":"https:\/\/klimagerechte-architektur.de\/?s={search_term_string}"},"query-input":{"@type":"PropertyValueSpecification","valueRequired":true,"valueName":"search_term_string"}}],"inLanguage":"es"},{"@type":"Organization","@id":"https:\/\/klimagerechte-architektur.de\/#organization","name":"L\u00f6ffler_Schmeling Arquitectos","url":"https:\/\/klimagerechte-architektur.de\/","logo":{"@type":"ImageObject","inLanguage":"es","@id":"https:\/\/klimagerechte-architektur.de\/#\/schema\/logo\/image\/","url":"https:\/\/klimagerechte-architektur.de\/wp-content\/uploads\/2023\/01\/LS_LogoCoolveticaueberarbeitet_Anne-1.png","contentUrl":"https:\/\/klimagerechte-architektur.de\/wp-content\/uploads\/2023\/01\/LS_LogoCoolveticaueberarbeitet_Anne-1.png","width":1741,"height":402,"caption":"L\u00f6ffler_Schmeling Architekten"},"image":{"@id":"https:\/\/klimagerechte-architektur.de\/#\/schema\/logo\/image\/"}}]}},"_links":{"self":[{"href":"https:\/\/klimagerechte-architektur.de\/es\/wp-json\/wp\/v2\/projekte\/4463","targetHints":{"allow":["GET"]}}],"collection":[{"href":"https:\/\/klimagerechte-architektur.de\/es\/wp-json\/wp\/v2\/projekte"}],"about":[{"href":"https:\/\/klimagerechte-architektur.de\/es\/wp-json\/wp\/v2\/types\/projekte"}],"version-history":[{"count":0,"href":"https:\/\/klimagerechte-architektur.de\/es\/wp-json\/wp\/v2\/projekte\/4463\/revisions"}],"wp:featuredmedia":[{"embeddable":true,"href":"https:\/\/klimagerechte-architektur.de\/es\/wp-json\/wp\/v2\/media\/1008"}],"wp:attachment":[{"href":"https:\/\/klimagerechte-architektur.de\/es\/wp-json\/wp\/v2\/media?parent=4463"}],"wp:term":[{"taxonomy":"projektart","embeddable":true,"href":"https:\/\/klimagerechte-architektur.de\/es\/wp-json\/wp\/v2\/projektart?post=4463"}],"curies":[{"name":"wp","href":"https:\/\/api.w.org\/{rel}","templated":true}]}}