{"id":4467,"date":"2019-07-24T10:36:00","date_gmt":"2019-07-24T10:36:00","guid":{"rendered":"https:\/\/klimagerechte-architektur.de\/index.php\/projekte\/evangelische-freikirchliche-gemeinde-baptisten-reutlingen\/"},"modified":"2019-07-24T10:36:00","modified_gmt":"2019-07-24T10:36:00","slug":"iglesia-evangelica-libre-comunidad-bautista-reutlingen","status":"publish","type":"projekte","link":"https:\/\/klimagerechte-architektur.de\/es\/projekte\/evangelische-freikirchliche-gemeinde-baptisten-reutlingen\/","title":{"rendered":"Edificio de la iglesia, Reutlingen"},"content":{"rendered":"<p>Se va a revitalizar un centro comunitario de Reutlingen. Para ello se ha realizado un estudio de viabilidad que prev\u00e9 la demolici\u00f3n del edificio existente a partir de la planta baja y la reutilizaci\u00f3n de los s\u00f3tanos. Sobre los s\u00f3tanos se levantar\u00e1 una nueva construcci\u00f3n de madera. La zona de entrada se retranquear\u00e1 ligeramente de la calle para crear una estructura de conexi\u00f3n en el centro. Dividir\u00e1 el edificio en tres partes y permitir\u00e1 un acceso sin barreras desde la calle.<br \/>\nLa parte izquierda del edificio contiene la escalera y los salones de actos existentes (vistos desde la calle) y se conduce a la parte superior por un estrecho estribo. El sal\u00f3n comunitario con galer\u00eda emerge a la derecha como una estructura m\u00e1s de la parte central y de conexi\u00f3n del edificio.<br \/>\nEn la parte trasera, hacia el r\u00edo, se crear\u00e1 una gran terraza exterior orientada al sur. Podr\u00e1 utilizarse para celebraciones comunitarias o como aparcamiento. La terraza se desarrolla en niveles escalonados directamente hacia el r\u00edo. De este modo se aprovecha al m\u00e1ximo la ubicaci\u00f3n \u00fanica del centro comunitario para la comunidad y los invitados.<\/p>","protected":false},"featured_media":1001,"menu_order":0,"template":"","format":"standard","meta":[],"projektart":[306],"class_list":["post-4467","projekte","type-projekte","status-publish","format-standard","has-post-thumbnail","hentry","projektart-kirchenbauten"],"yoast_head":"<!-- This site is optimized with the Yoast SEO plugin v27.3 - https:\/\/yoast.com\/product\/yoast-seo-wordpress\/ -->\n<title>Kirchengeb\u00e4ude, Reutlingen - L\u00f6ffler_Schmeling<\/title>\n<meta name=\"description\" content=\"Unsere realisierten Projekte im Bereich nachhaltiger und \u00f6kologischer Architektur: klimagerechte H\u00e4user, Passivhaus-Bauten und mehr im \u00dcberblick.\" \/>\n<meta name=\"robots\" content=\"index, follow, max-snippet:-1, max-image-preview:large, max-video-preview:-1\" \/>\n<link rel=\"canonical\" href=\"https:\/\/klimagerechte-architektur.de\/es\/proyectos\/iglesia-evangelica-libre-comunidad-bautista-reutlingen\/\" \/>\n<meta property=\"og:locale\" content=\"es_ES\" \/>\n<meta property=\"og:type\" content=\"article\" \/>\n<meta property=\"og:title\" content=\"Kirchengeb\u00e4ude, Reutlingen - L\u00f6ffler_Schmeling\" \/>\n<meta property=\"og:description\" content=\"Unsere realisierten Projekte im Bereich nachhaltiger und \u00f6kologischer Architektur: klimagerechte H\u00e4user, Passivhaus-Bauten und mehr im \u00dcberblick.\" \/>\n<meta property=\"og:url\" content=\"https:\/\/klimagerechte-architektur.de\/es\/proyectos\/iglesia-evangelica-libre-comunidad-bautista-reutlingen\/\" \/>\n<meta property=\"og:site_name\" content=\"L\u00f6ffler_Schmeling\" \/>\n<meta property=\"og:image\" content=\"https:\/\/klimagerechte-architektur.de\/wp-content\/uploads\/2023\/01\/efg-reutlingen-perspektive.jpg\" \/>\n\t<meta property=\"og:image:width\" content=\"1920\" \/>\n\t<meta property=\"og:image:height\" content=\"1366\" \/>\n\t<meta property=\"og:image:type\" content=\"image\/jpeg\" \/>\n<meta name=\"twitter:card\" content=\"summary_large_image\" \/>\n<meta name=\"twitter:label1\" content=\"Tiempo de lectura\" \/>\n\t<meta name=\"twitter:data1\" content=\"1 minuto\" \/>\n<script type=\"application\/ld+json\" class=\"yoast-schema-graph\">{\"@context\":\"https:\\\/\\\/schema.org\",\"@graph\":[{\"@type\":[\"WebPage\",\"ItemPage\"],\"@id\":\"https:\\\/\\\/klimagerechte-architektur.de\\\/projekte\\\/evangelische-freikirchliche-gemeinde-baptisten-reutlingen\\\/\",\"url\":\"https:\\\/\\\/klimagerechte-architektur.de\\\/projekte\\\/evangelische-freikirchliche-gemeinde-baptisten-reutlingen\\\/\",\"name\":\"Kirchengeb\u00e4ude, Reutlingen - L\u00f6ffler_Schmeling\",\"isPartOf\":{\"@id\":\"https:\\\/\\\/klimagerechte-architektur.de\\\/#website\"},\"primaryImageOfPage\":{\"@id\":\"https:\\\/\\\/klimagerechte-architektur.de\\\/projekte\\\/evangelische-freikirchliche-gemeinde-baptisten-reutlingen\\\/#primaryimage\"},\"image\":{\"@id\":\"https:\\\/\\\/klimagerechte-architektur.de\\\/projekte\\\/evangelische-freikirchliche-gemeinde-baptisten-reutlingen\\\/#primaryimage\"},\"thumbnailUrl\":\"https:\\\/\\\/klimagerechte-architektur.de\\\/wp-content\\\/uploads\\\/2023\\\/01\\\/efg-reutlingen-perspektive.jpg\",\"datePublished\":\"2019-07-24T10:36:00+00:00\",\"description\":\"Unsere realisierten Projekte im Bereich nachhaltiger und \u00f6kologischer Architektur: klimagerechte H\u00e4user, Passivhaus-Bauten und mehr im \u00dcberblick.\",\"breadcrumb\":{\"@id\":\"https:\\\/\\\/klimagerechte-architektur.de\\\/projekte\\\/evangelische-freikirchliche-gemeinde-baptisten-reutlingen\\\/#breadcrumb\"},\"inLanguage\":\"es\",\"potentialAction\":[{\"@type\":\"ReadAction\",\"target\":[\"https:\\\/\\\/klimagerechte-architektur.de\\\/projekte\\\/evangelische-freikirchliche-gemeinde-baptisten-reutlingen\\\/\"]}]},{\"@type\":\"ImageObject\",\"inLanguage\":\"es\",\"@id\":\"https:\\\/\\\/klimagerechte-architektur.de\\\/projekte\\\/evangelische-freikirchliche-gemeinde-baptisten-reutlingen\\\/#primaryimage\",\"url\":\"https:\\\/\\\/klimagerechte-architektur.de\\\/wp-content\\\/uploads\\\/2023\\\/01\\\/efg-reutlingen-perspektive.jpg\",\"contentUrl\":\"https:\\\/\\\/klimagerechte-architektur.de\\\/wp-content\\\/uploads\\\/2023\\\/01\\\/efg-reutlingen-perspektive.jpg\",\"width\":1920,\"height\":1366},{\"@type\":\"BreadcrumbList\",\"@id\":\"https:\\\/\\\/klimagerechte-architektur.de\\\/projekte\\\/evangelische-freikirchliche-gemeinde-baptisten-reutlingen\\\/#breadcrumb\",\"itemListElement\":[{\"@type\":\"ListItem\",\"position\":1,\"name\":\"Startseite\",\"item\":\"https:\\\/\\\/klimagerechte-architektur.de\\\/\"},{\"@type\":\"ListItem\",\"position\":2,\"name\":\"Projekte\",\"item\":\"https:\\\/\\\/klimagerechte-architektur.de\\\/projekte\\\/\"},{\"@type\":\"ListItem\",\"position\":3,\"name\":\"Kirchengeb\u00e4ude, Reutlingen\"}]},{\"@type\":\"WebSite\",\"@id\":\"https:\\\/\\\/klimagerechte-architektur.de\\\/#website\",\"url\":\"https:\\\/\\\/klimagerechte-architektur.de\\\/\",\"name\":\"Klimagerechte Architektur\",\"description\":\"KLIMAGERECHTIGKEIT \u2013 DIE BR\u00dcCKE ZWISCHEN SOZIALER UND \u00d6KOLOGISCHER ARCHITEKTUR\",\"publisher\":{\"@id\":\"https:\\\/\\\/klimagerechte-architektur.de\\\/#organization\"},\"potentialAction\":[{\"@type\":\"SearchAction\",\"target\":{\"@type\":\"EntryPoint\",\"urlTemplate\":\"https:\\\/\\\/klimagerechte-architektur.de\\\/?s={search_term_string}\"},\"query-input\":{\"@type\":\"PropertyValueSpecification\",\"valueRequired\":true,\"valueName\":\"search_term_string\"}}],\"inLanguage\":\"es\"},{\"@type\":\"Organization\",\"@id\":\"https:\\\/\\\/klimagerechte-architektur.de\\\/#organization\",\"name\":\"L\u00f6ffler_Schmeling Architekten\",\"url\":\"https:\\\/\\\/klimagerechte-architektur.de\\\/\",\"logo\":{\"@type\":\"ImageObject\",\"inLanguage\":\"es\",\"@id\":\"https:\\\/\\\/klimagerechte-architektur.de\\\/#\\\/schema\\\/logo\\\/image\\\/\",\"url\":\"https:\\\/\\\/klimagerechte-architektur.de\\\/wp-content\\\/uploads\\\/2023\\\/01\\\/LS_LogoCoolveticaueberarbeitet_Anne-1.png\",\"contentUrl\":\"https:\\\/\\\/klimagerechte-architektur.de\\\/wp-content\\\/uploads\\\/2023\\\/01\\\/LS_LogoCoolveticaueberarbeitet_Anne-1.png\",\"width\":1741,\"height\":402,\"caption\":\"L\u00f6ffler_Schmeling Architekten\"},\"image\":{\"@id\":\"https:\\\/\\\/klimagerechte-architektur.de\\\/#\\\/schema\\\/logo\\\/image\\\/\"}}]}<\/script>\n<!-- \/ Yoast SEO plugin. -->","yoast_head_json":{"title":"Edificio de la iglesia, Reutlingen - L\u00f6ffler_Schmeling","description":"Una visi\u00f3n general de nuestros proyectos realizados en el campo de la arquitectura sostenible y ecol\u00f3gica: casas respetuosas con el clima, edificios de casas pasivas y mucho m\u00e1s.","robots":{"index":"index","follow":"follow","max-snippet":"max-snippet:-1","max-image-preview":"max-image-preview:large","max-video-preview":"max-video-preview:-1"},"canonical":"https:\/\/klimagerechte-architektur.de\/es\/proyectos\/iglesia-evangelica-libre-comunidad-bautista-reutlingen\/","og_locale":"es_ES","og_type":"article","og_title":"Kirchengeb\u00e4ude, Reutlingen - L\u00f6ffler_Schmeling","og_description":"Unsere realisierten Projekte im Bereich nachhaltiger und \u00f6kologischer Architektur: klimagerechte H\u00e4user, Passivhaus-Bauten und mehr im \u00dcberblick.","og_url":"https:\/\/klimagerechte-architektur.de\/es\/proyectos\/iglesia-evangelica-libre-comunidad-bautista-reutlingen\/","og_site_name":"L\u00f6ffler_Schmeling","og_image":[{"width":1920,"height":1366,"url":"https:\/\/klimagerechte-architektur.de\/wp-content\/uploads\/2023\/01\/efg-reutlingen-perspektive.jpg","type":"image\/jpeg"}],"twitter_card":"summary_large_image","twitter_misc":{"Tiempo de lectura":"1 minuto"},"schema":{"@context":"https:\/\/schema.org","@graph":[{"@type":["WebPage","ItemPage"],"@id":"https:\/\/klimagerechte-architektur.de\/projekte\/evangelische-freikirchliche-gemeinde-baptisten-reutlingen\/","url":"https:\/\/klimagerechte-architektur.de\/projekte\/evangelische-freikirchliche-gemeinde-baptisten-reutlingen\/","name":"Edificio de la iglesia, Reutlingen - L\u00f6ffler_Schmeling","isPartOf":{"@id":"https:\/\/klimagerechte-architektur.de\/#website"},"primaryImageOfPage":{"@id":"https:\/\/klimagerechte-architektur.de\/projekte\/evangelische-freikirchliche-gemeinde-baptisten-reutlingen\/#primaryimage"},"image":{"@id":"https:\/\/klimagerechte-architektur.de\/projekte\/evangelische-freikirchliche-gemeinde-baptisten-reutlingen\/#primaryimage"},"thumbnailUrl":"https:\/\/klimagerechte-architektur.de\/wp-content\/uploads\/2023\/01\/efg-reutlingen-perspektive.jpg","datePublished":"2019-07-24T10:36:00+00:00","description":"Una visi\u00f3n general de nuestros proyectos realizados en el campo de la arquitectura sostenible y ecol\u00f3gica: casas respetuosas con el clima, edificios de casas pasivas y mucho m\u00e1s.","breadcrumb":{"@id":"https:\/\/klimagerechte-architektur.de\/projekte\/evangelische-freikirchliche-gemeinde-baptisten-reutlingen\/#breadcrumb"},"inLanguage":"es","potentialAction":[{"@type":"ReadAction","target":["https:\/\/klimagerechte-architektur.de\/projekte\/evangelische-freikirchliche-gemeinde-baptisten-reutlingen\/"]}]},{"@type":"ImageObject","inLanguage":"es","@id":"https:\/\/klimagerechte-architektur.de\/projekte\/evangelische-freikirchliche-gemeinde-baptisten-reutlingen\/#primaryimage","url":"https:\/\/klimagerechte-architektur.de\/wp-content\/uploads\/2023\/01\/efg-reutlingen-perspektive.jpg","contentUrl":"https:\/\/klimagerechte-architektur.de\/wp-content\/uploads\/2023\/01\/efg-reutlingen-perspektive.jpg","width":1920,"height":1366},{"@type":"BreadcrumbList","@id":"https:\/\/klimagerechte-architektur.de\/projekte\/evangelische-freikirchliche-gemeinde-baptisten-reutlingen\/#breadcrumb","itemListElement":[{"@type":"ListItem","position":1,"name":"Startseite","item":"https:\/\/klimagerechte-architektur.de\/"},{"@type":"ListItem","position":2,"name":"Projekte","item":"https:\/\/klimagerechte-architektur.de\/projekte\/"},{"@type":"ListItem","position":3,"name":"Kirchengeb\u00e4ude, Reutlingen"}]},{"@type":"WebSite","@id":"https:\/\/klimagerechte-architektur.de\/#website","url":"https:\/\/klimagerechte-architektur.de\/","name":"Arquitectura respetuosa con el clima","description":"JUSTICIA CLIM\u00c1TICA: EL PUENTE ENTRE LA ARQUITECTURA SOCIAL Y LA ECOL\u00d3GICA","publisher":{"@id":"https:\/\/klimagerechte-architektur.de\/#organization"},"potentialAction":[{"@type":"SearchAction","target":{"@type":"EntryPoint","urlTemplate":"https:\/\/klimagerechte-architektur.de\/?s={search_term_string}"},"query-input":{"@type":"PropertyValueSpecification","valueRequired":true,"valueName":"search_term_string"}}],"inLanguage":"es"},{"@type":"Organization","@id":"https:\/\/klimagerechte-architektur.de\/#organization","name":"L\u00f6ffler_Schmeling Arquitectos","url":"https:\/\/klimagerechte-architektur.de\/","logo":{"@type":"ImageObject","inLanguage":"es","@id":"https:\/\/klimagerechte-architektur.de\/#\/schema\/logo\/image\/","url":"https:\/\/klimagerechte-architektur.de\/wp-content\/uploads\/2023\/01\/LS_LogoCoolveticaueberarbeitet_Anne-1.png","contentUrl":"https:\/\/klimagerechte-architektur.de\/wp-content\/uploads\/2023\/01\/LS_LogoCoolveticaueberarbeitet_Anne-1.png","width":1741,"height":402,"caption":"L\u00f6ffler_Schmeling Architekten"},"image":{"@id":"https:\/\/klimagerechte-architektur.de\/#\/schema\/logo\/image\/"}}]}},"_links":{"self":[{"href":"https:\/\/klimagerechte-architektur.de\/es\/wp-json\/wp\/v2\/projekte\/4467","targetHints":{"allow":["GET"]}}],"collection":[{"href":"https:\/\/klimagerechte-architektur.de\/es\/wp-json\/wp\/v2\/projekte"}],"about":[{"href":"https:\/\/klimagerechte-architektur.de\/es\/wp-json\/wp\/v2\/types\/projekte"}],"version-history":[{"count":0,"href":"https:\/\/klimagerechte-architektur.de\/es\/wp-json\/wp\/v2\/projekte\/4467\/revisions"}],"wp:featuredmedia":[{"embeddable":true,"href":"https:\/\/klimagerechte-architektur.de\/es\/wp-json\/wp\/v2\/media\/1001"}],"wp:attachment":[{"href":"https:\/\/klimagerechte-architektur.de\/es\/wp-json\/wp\/v2\/media?parent=4467"}],"wp:term":[{"taxonomy":"projektart","embeddable":true,"href":"https:\/\/klimagerechte-architektur.de\/es\/wp-json\/wp\/v2\/projektart?post=4467"}],"curies":[{"name":"wp","href":"https:\/\/api.w.org\/{rel}","templated":true}]}}