{"id":4492,"date":"2023-07-28T10:07:10","date_gmt":"2023-07-28T10:07:10","guid":{"rendered":"https:\/\/klimagerechte-architektur.de\/?post_type=projekte&#038;p=2894"},"modified":"2025-02-20T11:12:12","modified_gmt":"2025-02-20T10:12:12","slug":"alrededores-de-la-antigua-iglesia-de-knielingen","status":"publish","type":"projekte","link":"https:\/\/klimagerechte-architektur.de\/es\/projekte\/areal-rund-um-die-kirche-alt-knielingen\/","title":{"rendered":"Alrededores de la iglesia de Alt-Knielingen"},"content":{"rendered":"<p class=\"has-medium-font-size\"><strong>Complejidad y concisi\u00f3n<\/strong><\/p>\n\n\n\n<p>As\u00ed podr\u00eda describirse nuestro trabajo, ya que a pesar de la complejidad y diversidad de los requisitos de planificaci\u00f3n urbana, concepci\u00f3n espacial, dise\u00f1o y espacio abierto, busca un enfoque arquitect\u00f3nico reconocible y conciso.<\/p>\n\n\n\n<p>No queremos una gran forma que compita con la iglesia, sino que siga siendo a peque\u00f1a escala y que, sin embargo, la obra no se desintegre en fragmentos. Un lenguaje arquitect\u00f3nico uniforme debe unir los objetos individuales como un hilo conductor y dar al conjunto una apariencia concisa.<\/p>\n\n\n\n<p>Por ejemplo, la fachada de la guarder\u00eda de madera proyectada es de madera acetilada. En el edificio de viviendas, macizo y enlucido, se puede encontrar en forma de llamativos huecos de ventana y revestimientos de logia.<\/p>\n\n\n\n<p>El dise\u00f1o urbano incorpora tipolog\u00edas de edificios de peque\u00f1a escala y formas de tejado t\u00edpicas de la zona. Permite una vista sin obst\u00e1culos de la iglesia a trav\u00e9s de un callej\u00f3n interior, crea un espacio de calle amplio y de gran calidad y crea unidades espaciales funcionales formadas por una guarder\u00eda, un edificio residencial y una rector\u00eda o una iglesia y un espacio sagrado. Cada nuevo edificio funciona y se sostiene formalmente por s\u00ed mismo, pero se mantiene unido por el lenguaje arquitect\u00f3nico y forma un conjunto atractivo con la iglesia y la rector\u00eda.<\/p>\n\n\n\n<p>Una importante preocupaci\u00f3n microclim\u00e1tica y visual es preservar los grandes \u00e1rboles existentes. El espacio de la calle, que actualmente se ve de forma cr\u00edtica, y la luz solar de los edificios de enfrente mejorar\u00e1n de forma sostenible gracias a la planificaci\u00f3n.<\/p>\n\n\n\n<p class=\"has-medium-font-size\"><strong>KITA<\/strong><\/p>\n\n\n\n<p>El KITA est\u00e1 dise\u00f1ado de tal manera que tambi\u00e9n se pueden tener en cuenta los cambios en los conceptos educativos.<\/p>\n\n\n\n<p>Por lo tanto, no s\u00f3lo se puede acceder a las salas intensivas desde la sala de grupos. Tambi\u00e9n ser\u00eda concebible una posible utilizaci\u00f3n parcial externa de la guarder\u00eda. La sala polivalente y el comedor superior pueden utilizarse por separado a trav\u00e9s del vest\u00edbulo, ya que las zonas de grupos pueden cerrarse por separado. Esto podr\u00eda ser \u00fatil para ampliar el trabajo infantil dominical de la comunidad eclesi\u00e1stica o para el desarrollo de un peque\u00f1o centro de asesoramiento familiar o usos futuros.<\/p>\n\n\n\n<p>En una sociedad en r\u00e1pido desarrollo y diferenciada, no creemos que un uso permanentemente adaptado a una funci\u00f3n sea acorde con los tiempos.<\/p>\n\n\n\n<p>La zona de los ni\u00f1os peque\u00f1os est\u00e1 protegida en la planta superior, ya que \u00e9stos no necesitan necesariamente acceso directo al jard\u00edn. Para ello se utiliza una escalera exterior y de emergencia o el ascensor.<\/p>\n\n\n\n<p class=\"has-medium-font-size\"><strong>Vivir<\/strong><\/p>\n\n\n\n<p>El edificio residencial est\u00e1 situado frente a la vicar\u00eda, en la esquina de la parcela, por lo que aprovecha la buena luz del sol y las vistas. En cuanto a la forma y las dimensiones, el edificio de viviendas se integra en la parcela.<\/p>\n\n\n\n<p>el contexto. Los pisos (viviendas sociales) son compactos, funcionales y est\u00e1n bien iluminados.<\/p>\n\n\n\n<p class=\"has-medium-font-size\"><strong>Rectorado<\/strong><\/p>\n\n\n\n<p>La vicar\u00eda tendr\u00e1 una entrada y una zona exterior privadas y protegidas visualmente.<\/p>\n\n\n\n<p>Los residentes pueden acceder discretamente al aparcamiento subterr\u00e1neo a trav\u00e9s de su zona privada, pasando por su propia plaza de aparcamiento para bicicletas a trav\u00e9s de las escaleras de la entrada trasera del KITA.<\/p>\n\n\n\n<p class=\"has-medium-font-size\"><strong>Salas de la iglesia\/sala sagrada (pabell\u00f3n) junto a la iglesia<\/strong><\/p>\n\n\n\n<p>Se basa en el lenguaje de dise\u00f1o de los dem\u00e1s edificios nuevos, pero es formalmente sobrio y consiste en una estructura monol\u00edtica de hormig\u00f3n visto con una sala central de grupo que da a un peque\u00f1o jard\u00edn de meditaci\u00f3n. Esta sala tambi\u00e9n ser\u00eda adecuada como estancia tranquila para discusiones pastorales u otros asuntos sagrados.<\/p>\n\n\n\n<p class=\"has-medium-font-size\"><strong>Construcci\u00f3n de edificios<\/strong><\/p>\n\n\n\n<p>La KITA es una construcci\u00f3n completa de madera. La fachada es de madera acetilada y, por tanto, extremadamente duradera.<\/p>\n\n\n\n<p>El edificio residencial es una construcci\u00f3n maciza de losas prefabricadas de hormig\u00f3n y mamposter\u00eda de ladrillo poroso de 42 cm de espesor. Por razones de sostenibilidad, no se utilizan materiales de construcci\u00f3n compuestos, como los ETICS. Se propone una cubierta met\u00e1lica debido a la forma del tejado y a los valles resultantes. Esta cubierta tambi\u00e9n permite la integraci\u00f3n formal y funcionalmente aceptable de c\u00e9lulas solares monol\u00edticas (gris).<\/p>\n\n\n\n<p class=\"has-medium-font-size\"><strong>Concepto de energ\u00eda<\/strong><\/p>\n\n\n\n<p>El concepto energ\u00e9tico y, por tanto, tambi\u00e9n el nivel de las casas eficientes (KFW 40 o 55) deben aclararse en una fase posterior si se quiere que sea realmente sostenible. En Karlsruhe, en concreto, hay muchas opciones concebibles que, seg\u00fan nuestra experiencia, s\u00f3lo pueden evaluarse de forma responsable tras una simulaci\u00f3n fiable.<\/p>\n\n\n\n<p>El objetivo es integrar la energ\u00eda fotovoltaica en el concepto energ\u00e9tico de manera formal y t\u00e9cnicamente satisfactoria con un alto nivel de autoconsumo.<\/p>","protected":false},"featured_media":2897,"menu_order":0,"template":"","format":"standard","meta":[],"projektart":[306],"class_list":["post-4492","projekte","type-projekte","status-publish","format-standard","has-post-thumbnail","hentry","projektart-kirchenbauten"],"yoast_head":"<!-- This site is optimized with the Yoast SEO plugin v27.3 - https:\/\/yoast.com\/product\/yoast-seo-wordpress\/ -->\n<title>Areal rund um die Kirche, Alt-Knielingen - L\u00f6ffler_Schmeling<\/title>\n<meta name=\"description\" content=\"Unsere realisierten Projekte im Bereich nachhaltiger und \u00f6kologischer Architektur: klimagerechte H\u00e4user, Passivhaus-Bauten und mehr im \u00dcberblick.\" \/>\n<meta name=\"robots\" content=\"index, follow, max-snippet:-1, max-image-preview:large, max-video-preview:-1\" \/>\n<link rel=\"canonical\" href=\"https:\/\/klimagerechte-architektur.de\/es\/proyectos\/alrededores-de-la-antigua-iglesia-de-knielingen\/\" \/>\n<meta property=\"og:locale\" content=\"es_ES\" \/>\n<meta property=\"og:type\" content=\"article\" \/>\n<meta property=\"og:title\" content=\"Areal rund um die Kirche, Alt-Knielingen - L\u00f6ffler_Schmeling\" \/>\n<meta property=\"og:description\" content=\"Unsere realisierten Projekte im Bereich nachhaltiger und \u00f6kologischer Architektur: klimagerechte H\u00e4user, Passivhaus-Bauten und mehr im \u00dcberblick.\" \/>\n<meta property=\"og:url\" content=\"https:\/\/klimagerechte-architektur.de\/es\/proyectos\/alrededores-de-la-antigua-iglesia-de-knielingen\/\" \/>\n<meta property=\"og:site_name\" content=\"L\u00f6ffler_Schmeling\" \/>\n<meta property=\"article:modified_time\" content=\"2025-02-20T10:12:12+00:00\" \/>\n<meta property=\"og:image\" content=\"https:\/\/klimagerechte-architektur.de\/wp-content\/uploads\/2023\/07\/Areal-rund-um-die-Kirche-Perspektive1-scaled.jpg\" \/>\n\t<meta property=\"og:image:width\" content=\"2560\" \/>\n\t<meta property=\"og:image:height\" content=\"2110\" \/>\n\t<meta property=\"og:image:type\" content=\"image\/jpeg\" \/>\n<meta name=\"twitter:card\" content=\"summary_large_image\" \/>\n<meta name=\"twitter:label1\" content=\"Tiempo de lectura\" \/>\n\t<meta name=\"twitter:data1\" content=\"4 minutos\" \/>\n<script type=\"application\/ld+json\" class=\"yoast-schema-graph\">{\"@context\":\"https:\\\/\\\/schema.org\",\"@graph\":[{\"@type\":[\"WebPage\",\"CollectionPage\"],\"@id\":\"https:\\\/\\\/klimagerechte-architektur.de\\\/projekte\\\/areal-rund-um-die-kirche-alt-knielingen\\\/\",\"url\":\"https:\\\/\\\/klimagerechte-architektur.de\\\/projekte\\\/areal-rund-um-die-kirche-alt-knielingen\\\/\",\"name\":\"Areal rund um die Kirche, Alt-Knielingen - L\u00f6ffler_Schmeling\",\"isPartOf\":{\"@id\":\"https:\\\/\\\/klimagerechte-architektur.de\\\/#website\"},\"primaryImageOfPage\":{\"@id\":\"https:\\\/\\\/klimagerechte-architektur.de\\\/projekte\\\/areal-rund-um-die-kirche-alt-knielingen\\\/#primaryimage\"},\"image\":{\"@id\":\"https:\\\/\\\/klimagerechte-architektur.de\\\/projekte\\\/areal-rund-um-die-kirche-alt-knielingen\\\/#primaryimage\"},\"thumbnailUrl\":\"https:\\\/\\\/klimagerechte-architektur.de\\\/wp-content\\\/uploads\\\/2023\\\/07\\\/Areal-rund-um-die-Kirche-Perspektive1-scaled.jpg\",\"datePublished\":\"2023-07-28T10:07:10+00:00\",\"dateModified\":\"2025-02-20T10:12:12+00:00\",\"description\":\"Unsere realisierten Projekte im Bereich nachhaltiger und \u00f6kologischer Architektur: klimagerechte H\u00e4user, Passivhaus-Bauten und mehr im \u00dcberblick.\",\"breadcrumb\":{\"@id\":\"https:\\\/\\\/klimagerechte-architektur.de\\\/projekte\\\/areal-rund-um-die-kirche-alt-knielingen\\\/#breadcrumb\"},\"inLanguage\":\"es\"},{\"@type\":\"ImageObject\",\"inLanguage\":\"es\",\"@id\":\"https:\\\/\\\/klimagerechte-architektur.de\\\/projekte\\\/areal-rund-um-die-kirche-alt-knielingen\\\/#primaryimage\",\"url\":\"https:\\\/\\\/klimagerechte-architektur.de\\\/wp-content\\\/uploads\\\/2023\\\/07\\\/Areal-rund-um-die-Kirche-Perspektive1-scaled.jpg\",\"contentUrl\":\"https:\\\/\\\/klimagerechte-architektur.de\\\/wp-content\\\/uploads\\\/2023\\\/07\\\/Areal-rund-um-die-Kirche-Perspektive1-scaled.jpg\",\"width\":2560,\"height\":2110},{\"@type\":\"BreadcrumbList\",\"@id\":\"https:\\\/\\\/klimagerechte-architektur.de\\\/projekte\\\/areal-rund-um-die-kirche-alt-knielingen\\\/#breadcrumb\",\"itemListElement\":[{\"@type\":\"ListItem\",\"position\":1,\"name\":\"Startseite\",\"item\":\"https:\\\/\\\/klimagerechte-architektur.de\\\/\"},{\"@type\":\"ListItem\",\"position\":2,\"name\":\"Projekte\",\"item\":\"https:\\\/\\\/klimagerechte-architektur.de\\\/projekte\\\/\"},{\"@type\":\"ListItem\",\"position\":3,\"name\":\"Areal rund um die Kirche, Alt-Knielingen\"}]},{\"@type\":\"WebSite\",\"@id\":\"https:\\\/\\\/klimagerechte-architektur.de\\\/#website\",\"url\":\"https:\\\/\\\/klimagerechte-architektur.de\\\/\",\"name\":\"Klimagerechte Architektur\",\"description\":\"KLIMAGERECHTIGKEIT \u2013 DIE BR\u00dcCKE ZWISCHEN SOZIALER UND \u00d6KOLOGISCHER ARCHITEKTUR\",\"publisher\":{\"@id\":\"https:\\\/\\\/klimagerechte-architektur.de\\\/#organization\"},\"potentialAction\":[{\"@type\":\"SearchAction\",\"target\":{\"@type\":\"EntryPoint\",\"urlTemplate\":\"https:\\\/\\\/klimagerechte-architektur.de\\\/?s={search_term_string}\"},\"query-input\":{\"@type\":\"PropertyValueSpecification\",\"valueRequired\":true,\"valueName\":\"search_term_string\"}}],\"inLanguage\":\"es\"},{\"@type\":\"Organization\",\"@id\":\"https:\\\/\\\/klimagerechte-architektur.de\\\/#organization\",\"name\":\"L\u00f6ffler_Schmeling Architekten\",\"url\":\"https:\\\/\\\/klimagerechte-architektur.de\\\/\",\"logo\":{\"@type\":\"ImageObject\",\"inLanguage\":\"es\",\"@id\":\"https:\\\/\\\/klimagerechte-architektur.de\\\/#\\\/schema\\\/logo\\\/image\\\/\",\"url\":\"https:\\\/\\\/klimagerechte-architektur.de\\\/wp-content\\\/uploads\\\/2023\\\/01\\\/LS_LogoCoolveticaueberarbeitet_Anne-1.png\",\"contentUrl\":\"https:\\\/\\\/klimagerechte-architektur.de\\\/wp-content\\\/uploads\\\/2023\\\/01\\\/LS_LogoCoolveticaueberarbeitet_Anne-1.png\",\"width\":1741,\"height\":402,\"caption\":\"L\u00f6ffler_Schmeling Architekten\"},\"image\":{\"@id\":\"https:\\\/\\\/klimagerechte-architektur.de\\\/#\\\/schema\\\/logo\\\/image\\\/\"}}]}<\/script>\n<!-- \/ Yoast SEO plugin. -->","yoast_head_json":{"title":"Alrededores de la iglesia, Alt-Knielingen - L\u00f6ffler_Schmeling","description":"Una visi\u00f3n general de nuestros proyectos realizados en el campo de la arquitectura sostenible y ecol\u00f3gica: casas respetuosas con el clima, edificios de casas pasivas y mucho m\u00e1s.","robots":{"index":"index","follow":"follow","max-snippet":"max-snippet:-1","max-image-preview":"max-image-preview:large","max-video-preview":"max-video-preview:-1"},"canonical":"https:\/\/klimagerechte-architektur.de\/es\/proyectos\/alrededores-de-la-antigua-iglesia-de-knielingen\/","og_locale":"es_ES","og_type":"article","og_title":"Areal rund um die Kirche, Alt-Knielingen - L\u00f6ffler_Schmeling","og_description":"Unsere realisierten Projekte im Bereich nachhaltiger und \u00f6kologischer Architektur: klimagerechte H\u00e4user, Passivhaus-Bauten und mehr im \u00dcberblick.","og_url":"https:\/\/klimagerechte-architektur.de\/es\/proyectos\/alrededores-de-la-antigua-iglesia-de-knielingen\/","og_site_name":"L\u00f6ffler_Schmeling","article_modified_time":"2025-02-20T10:12:12+00:00","og_image":[{"width":2560,"height":2110,"url":"https:\/\/klimagerechte-architektur.de\/wp-content\/uploads\/2023\/07\/Areal-rund-um-die-Kirche-Perspektive1-scaled.jpg","type":"image\/jpeg"}],"twitter_card":"summary_large_image","twitter_misc":{"Tiempo de lectura":"4 minutos"},"schema":{"@context":"https:\/\/schema.org","@graph":[{"@type":["WebPage","CollectionPage"],"@id":"https:\/\/klimagerechte-architektur.de\/projekte\/areal-rund-um-die-kirche-alt-knielingen\/","url":"https:\/\/klimagerechte-architektur.de\/projekte\/areal-rund-um-die-kirche-alt-knielingen\/","name":"Alrededores de la iglesia, Alt-Knielingen - L\u00f6ffler_Schmeling","isPartOf":{"@id":"https:\/\/klimagerechte-architektur.de\/#website"},"primaryImageOfPage":{"@id":"https:\/\/klimagerechte-architektur.de\/projekte\/areal-rund-um-die-kirche-alt-knielingen\/#primaryimage"},"image":{"@id":"https:\/\/klimagerechte-architektur.de\/projekte\/areal-rund-um-die-kirche-alt-knielingen\/#primaryimage"},"thumbnailUrl":"https:\/\/klimagerechte-architektur.de\/wp-content\/uploads\/2023\/07\/Areal-rund-um-die-Kirche-Perspektive1-scaled.jpg","datePublished":"2023-07-28T10:07:10+00:00","dateModified":"2025-02-20T10:12:12+00:00","description":"Una visi\u00f3n general de nuestros proyectos realizados en el campo de la arquitectura sostenible y ecol\u00f3gica: casas respetuosas con el clima, edificios de casas pasivas y mucho m\u00e1s.","breadcrumb":{"@id":"https:\/\/klimagerechte-architektur.de\/projekte\/areal-rund-um-die-kirche-alt-knielingen\/#breadcrumb"},"inLanguage":"es"},{"@type":"ImageObject","inLanguage":"es","@id":"https:\/\/klimagerechte-architektur.de\/projekte\/areal-rund-um-die-kirche-alt-knielingen\/#primaryimage","url":"https:\/\/klimagerechte-architektur.de\/wp-content\/uploads\/2023\/07\/Areal-rund-um-die-Kirche-Perspektive1-scaled.jpg","contentUrl":"https:\/\/klimagerechte-architektur.de\/wp-content\/uploads\/2023\/07\/Areal-rund-um-die-Kirche-Perspektive1-scaled.jpg","width":2560,"height":2110},{"@type":"BreadcrumbList","@id":"https:\/\/klimagerechte-architektur.de\/projekte\/areal-rund-um-die-kirche-alt-knielingen\/#breadcrumb","itemListElement":[{"@type":"ListItem","position":1,"name":"Startseite","item":"https:\/\/klimagerechte-architektur.de\/"},{"@type":"ListItem","position":2,"name":"Projekte","item":"https:\/\/klimagerechte-architektur.de\/projekte\/"},{"@type":"ListItem","position":3,"name":"Areal rund um die Kirche, Alt-Knielingen"}]},{"@type":"WebSite","@id":"https:\/\/klimagerechte-architektur.de\/#website","url":"https:\/\/klimagerechte-architektur.de\/","name":"Arquitectura respetuosa con el clima","description":"JUSTICIA CLIM\u00c1TICA: EL PUENTE ENTRE LA ARQUITECTURA SOCIAL Y LA ECOL\u00d3GICA","publisher":{"@id":"https:\/\/klimagerechte-architektur.de\/#organization"},"potentialAction":[{"@type":"SearchAction","target":{"@type":"EntryPoint","urlTemplate":"https:\/\/klimagerechte-architektur.de\/?s={search_term_string}"},"query-input":{"@type":"PropertyValueSpecification","valueRequired":true,"valueName":"search_term_string"}}],"inLanguage":"es"},{"@type":"Organization","@id":"https:\/\/klimagerechte-architektur.de\/#organization","name":"L\u00f6ffler_Schmeling Arquitectos","url":"https:\/\/klimagerechte-architektur.de\/","logo":{"@type":"ImageObject","inLanguage":"es","@id":"https:\/\/klimagerechte-architektur.de\/#\/schema\/logo\/image\/","url":"https:\/\/klimagerechte-architektur.de\/wp-content\/uploads\/2023\/01\/LS_LogoCoolveticaueberarbeitet_Anne-1.png","contentUrl":"https:\/\/klimagerechte-architektur.de\/wp-content\/uploads\/2023\/01\/LS_LogoCoolveticaueberarbeitet_Anne-1.png","width":1741,"height":402,"caption":"L\u00f6ffler_Schmeling Architekten"},"image":{"@id":"https:\/\/klimagerechte-architektur.de\/#\/schema\/logo\/image\/"}}]}},"_links":{"self":[{"href":"https:\/\/klimagerechte-architektur.de\/es\/wp-json\/wp\/v2\/projekte\/4492","targetHints":{"allow":["GET"]}}],"collection":[{"href":"https:\/\/klimagerechte-architektur.de\/es\/wp-json\/wp\/v2\/projekte"}],"about":[{"href":"https:\/\/klimagerechte-architektur.de\/es\/wp-json\/wp\/v2\/types\/projekte"}],"version-history":[{"count":1,"href":"https:\/\/klimagerechte-architektur.de\/es\/wp-json\/wp\/v2\/projekte\/4492\/revisions"}],"predecessor-version":[{"id":4593,"href":"https:\/\/klimagerechte-architektur.de\/es\/wp-json\/wp\/v2\/projekte\/4492\/revisions\/4593"}],"wp:featuredmedia":[{"embeddable":true,"href":"https:\/\/klimagerechte-architektur.de\/es\/wp-json\/wp\/v2\/media\/2897"}],"wp:attachment":[{"href":"https:\/\/klimagerechte-architektur.de\/es\/wp-json\/wp\/v2\/media?parent=4492"}],"wp:term":[{"taxonomy":"projektart","embeddable":true,"href":"https:\/\/klimagerechte-architektur.de\/es\/wp-json\/wp\/v2\/projektart?post=4492"}],"curies":[{"name":"wp","href":"https:\/\/api.w.org\/{rel}","templated":true}]}}